{"id":146,"date":"2024-10-18T10:22:24","date_gmt":"2024-10-18T08:22:24","guid":{"rendered":"https:\/\/trmmallorca.es\/?page_id=146"},"modified":"2024-11-07T14:33:32","modified_gmt":"2024-11-07T13:33:32","slug":"servicios","status":"publish","type":"page","link":"https:\/\/trmmallorca.es\/de\/servicios\/","title":{"rendered":"Dienstleistungen"},"content":{"rendered":"<div data-elementor-type=\"wp-page\" data-elementor-id=\"146\" class=\"elementor elementor-146\" data-elementor-post-type=\"page\">\n\t\t\t\t<div class=\"elementor-element elementor-element-a0bd976 e-flex e-con-boxed e-con e-parent\" data-id=\"a0bd976\" data-element_type=\"container\" data-e-type=\"container\" data-settings=\"{&quot;background_background&quot;:&quot;classic&quot;}\">\n\t\t\t\t\t<div class=\"e-con-inner\">\n\t\t\t\t<div class=\"elementor-element elementor-element-bf5b957 elementor-invisible elementor-widget elementor-widget-heading\" data-id=\"bf5b957\" data-element_type=\"widget\" data-e-type=\"widget\" data-settings=\"{&quot;_animation&quot;:&quot;fadeInLeft&quot;}\" data-widget_type=\"heading.default\">\n\t\t\t\t<div class=\"elementor-widget-container\">\n\t\t\t\t\t<h1 class=\"elementor-heading-title elementor-size-default\">Welche Dienstleistungen bieten wir an?<\/h1>\t\t\t\t<\/div>\n\t\t\t\t<\/div>\n\t\t\t\t<div class=\"elementor-element elementor-element-55ac923e elementor-widget__width-initial elementor-widget-tablet__width-inherit elementor-widget-mobile__width-inherit elementor-invisible elementor-widget elementor-widget-text-editor\" data-id=\"55ac923e\" data-element_type=\"widget\" data-e-type=\"widget\" data-settings=\"{&quot;_animation&quot;:&quot;fadeInUp&quot;}\" data-widget_type=\"text-editor.default\">\n\t\t\t\t<div class=\"elementor-widget-container\">\n\t\t\t\t\t\t\t\t\t<p>Unter <strong>Trm Mallorca<\/strong>Wir bieten eine breite Palette von Dienstleistungen an, die auf die T\u00f6nung von Fenstern, Beschilderung und Solarfolien f\u00fcr Geb\u00e4ude spezialisiert sind.<\/p>\t\t\t\t\t\t\t\t<\/div>\n\t\t\t\t<\/div>\n\t\t\t\t<div class=\"elementor-element elementor-element-559da05 animated-slow elementor-widget-divider--view-line elementor-invisible elementor-widget elementor-widget-divider\" data-id=\"559da05\" data-element_type=\"widget\" data-e-type=\"widget\" data-settings=\"{&quot;_animation&quot;:&quot;fadeIn&quot;}\" data-widget_type=\"divider.default\">\n\t\t\t\t<div class=\"elementor-widget-container\">\n\t\t\t\t\t\t\t<div class=\"elementor-divider\">\n\t\t\t<span class=\"elementor-divider-separator\">\n\t\t\t\t\t\t<\/span>\n\t\t<\/div>\n\t\t\t\t\t\t<\/div>\n\t\t\t\t<\/div>\n\t\t\t\t\t<\/div>\n\t\t\t\t<\/div>\n\t\t<div class=\"elementor-element elementor-element-50870dd2 e-flex e-con-boxed e-con e-parent\" data-id=\"50870dd2\" data-element_type=\"container\" data-e-type=\"container\">\n\t\t\t\t\t<div class=\"e-con-inner\">\n\t\t<div class=\"elementor-element elementor-element-19279484 e-con-full e-flex e-con e-child\" data-id=\"19279484\" data-element_type=\"container\" data-e-type=\"container\">\n\t\t<div class=\"elementor-element elementor-element-10e2d43b e-flex e-con-boxed e-con e-child\" data-id=\"10e2d43b\" data-element_type=\"container\" data-e-type=\"container\" data-settings=\"{&quot;animation&quot;:&quot;none&quot;}\">\n\t\t\t\t\t<div class=\"e-con-inner\">\n\t\t\t\t<div class=\"elementor-element elementor-element-17ed2601 elementor-invisible elementor-widget elementor-widget-image\" data-id=\"17ed2601\" data-element_type=\"widget\" data-e-type=\"widget\" data-settings=\"{&quot;_animation&quot;:&quot;fadeInDown&quot;}\" data-widget_type=\"image.default\">\n\t\t\t\t<div class=\"elementor-widget-container\">\n\t\t\t\t\t\t\t\t\t\t\t\t\t\t\t<img fetchpriority=\"high\" decoding=\"async\" width=\"800\" height=\"600\" src=\"https:\/\/trmmallorca.es\/wp-content\/uploads\/2024\/10\/pexels-sevenstorm-juhaszimrus-425135-scaled-1-1024x768.jpeg\" class=\"attachment-large size-large wp-image-348\" alt=\"\" srcset=\"https:\/\/trmmallorca.es\/wp-content\/uploads\/2024\/10\/pexels-sevenstorm-juhaszimrus-425135-scaled-1-1024x768.jpeg 1024w, https:\/\/trmmallorca.es\/wp-content\/uploads\/2024\/10\/pexels-sevenstorm-juhaszimrus-425135-scaled-1-300x225.jpeg 300w, https:\/\/trmmallorca.es\/wp-content\/uploads\/2024\/10\/pexels-sevenstorm-juhaszimrus-425135-scaled-1-768x576.jpeg 768w, https:\/\/trmmallorca.es\/wp-content\/uploads\/2024\/10\/pexels-sevenstorm-juhaszimrus-425135-scaled-1-1536x1152.jpeg 1536w, https:\/\/trmmallorca.es\/wp-content\/uploads\/2024\/10\/pexels-sevenstorm-juhaszimrus-425135-scaled-1-2048x1536.jpeg 2048w\" sizes=\"(max-width: 800px) 100vw, 800px\" \/>\t\t\t\t\t\t\t\t\t\t\t\t\t\t\t<\/div>\n\t\t\t\t<\/div>\n\t\t\t\t<div class=\"elementor-element elementor-element-757f16f6 elementor-absolute elementor-invisible elementor-widget elementor-widget-counter\" data-id=\"757f16f6\" data-element_type=\"widget\" data-e-type=\"widget\" data-settings=\"{&quot;_position&quot;:&quot;absolute&quot;,&quot;_animation&quot;:&quot;zoomIn&quot;}\" data-widget_type=\"counter.default\">\n\t\t\t\t<div class=\"elementor-widget-container\">\n\t\t\t\t\t\t\t<div class=\"elementor-counter\">\n\t\t\t<div class=\"elementor-counter-title\">Jahr der Erfahrung<\/div>\t\t\t<div class=\"elementor-counter-number-wrapper\">\n\t\t\t\t<span class=\"elementor-counter-number-prefix\"><\/span>\n\t\t\t\t<span class=\"elementor-counter-number\" data-duration=\"2000\" data-to-value=\"20\" data-from-value=\"0\" data-delimiter=\",\">0<\/span>\n\t\t\t\t<span class=\"elementor-counter-number-suffix\"><\/span>\n\t\t\t<\/div>\n\t\t<\/div>\n\t\t\t\t\t\t<\/div>\n\t\t\t\t<\/div>\n\t\t\t\t\t<\/div>\n\t\t\t\t<\/div>\n\t\t<div class=\"elementor-element elementor-element-55bdb724 e-flex e-con-boxed e-con e-child\" data-id=\"55bdb724\" data-element_type=\"container\" data-e-type=\"container\">\n\t\t\t\t\t<div class=\"e-con-inner\">\n\t\t\t\t<div class=\"elementor-element elementor-element-5ea08ea0 elementor-invisible elementor-widget elementor-widget-image\" data-id=\"5ea08ea0\" data-element_type=\"widget\" data-e-type=\"widget\" data-settings=\"{&quot;_animation&quot;:&quot;fadeInLeft&quot;}\" data-widget_type=\"image.default\">\n\t\t\t\t<div class=\"elementor-widget-container\">\n\t\t\t\t\t\t\t\t\t\t\t\t\t\t\t<img decoding=\"async\" width=\"800\" height=\"852\" src=\"https:\/\/trmmallorca.es\/wp-content\/uploads\/2024\/10\/trm-2-962x1024.webp\" class=\"attachment-large size-large wp-image-219\" alt=\"\" srcset=\"https:\/\/trmmallorca.es\/wp-content\/uploads\/2024\/10\/trm-2-962x1024.webp 962w, https:\/\/trmmallorca.es\/wp-content\/uploads\/2024\/10\/trm-2-282x300.webp 282w, https:\/\/trmmallorca.es\/wp-content\/uploads\/2024\/10\/trm-2-768x818.webp 768w, https:\/\/trmmallorca.es\/wp-content\/uploads\/2024\/10\/trm-2-1443x1536.webp 1443w, https:\/\/trmmallorca.es\/wp-content\/uploads\/2024\/10\/trm-2.webp 1500w\" sizes=\"(max-width: 800px) 100vw, 800px\" \/>\t\t\t\t\t\t\t\t\t\t\t\t\t\t\t<\/div>\n\t\t\t\t<\/div>\n\t\t\t\t<div class=\"elementor-element elementor-element-601d7d18 elementor-hidden-mobile elementor-invisible elementor-widget elementor-widget-image\" data-id=\"601d7d18\" data-element_type=\"widget\" data-e-type=\"widget\" data-settings=\"{&quot;_animation&quot;:&quot;fadeInUp&quot;}\" data-widget_type=\"image.default\">\n\t\t\t\t<div class=\"elementor-widget-container\">\n\t\t\t\t\t\t\t\t\t\t\t\t\t\t\t<img decoding=\"async\" width=\"736\" height=\"736\" src=\"https:\/\/trmmallorca.es\/wp-content\/uploads\/2024\/10\/ee7ea7756fd910094be04ce454dc6006.jpg\" class=\"attachment-large size-large wp-image-349\" alt=\"\" srcset=\"https:\/\/trmmallorca.es\/wp-content\/uploads\/2024\/10\/ee7ea7756fd910094be04ce454dc6006.jpg 736w, https:\/\/trmmallorca.es\/wp-content\/uploads\/2024\/10\/ee7ea7756fd910094be04ce454dc6006-300x300.jpg 300w, https:\/\/trmmallorca.es\/wp-content\/uploads\/2024\/10\/ee7ea7756fd910094be04ce454dc6006-150x150.jpg 150w\" sizes=\"(max-width: 736px) 100vw, 736px\" \/>\t\t\t\t\t\t\t\t\t\t\t\t\t\t\t<\/div>\n\t\t\t\t<\/div>\n\t\t\t\t\t<\/div>\n\t\t\t\t<\/div>\n\t\t\t\t<\/div>\n\t\t<div class=\"elementor-element elementor-element-2d8067e6 e-con-full e-flex elementor-invisible e-con e-child\" data-id=\"2d8067e6\" data-element_type=\"container\" data-e-type=\"container\" data-settings=\"{&quot;animation&quot;:&quot;fadeInRight&quot;}\">\n\t\t\t\t<div class=\"elementor-element elementor-element-4501a66f elementor-widget elementor-widget-heading\" data-id=\"4501a66f\" data-element_type=\"widget\" data-e-type=\"widget\" data-widget_type=\"heading.default\">\n\t\t\t\t<div class=\"elementor-widget-container\">\n\t\t\t\t\t<h2 class=\"elementor-heading-title elementor-size-default\">Professionelle Dienstleistungen<\/h2>\t\t\t\t<\/div>\n\t\t\t\t<\/div>\n\t\t\t\t<div class=\"elementor-element elementor-element-186d204a elementor-widget elementor-widget-text-editor\" data-id=\"186d204a\" data-element_type=\"widget\" data-e-type=\"widget\" data-widget_type=\"text-editor.default\">\n\t\t\t\t<div class=\"elementor-widget-container\">\n\t\t\t\t\t\t\t\t\t<p>Mit mehr als <strong>20 Jahre Erfahrung<\/strong> im Sektor, in <strong>Trm Mallorca<\/strong> haben wir einen hohen Standard an Qualit\u00e4t und Professionalit\u00e4t in allen unseren Dienstleistungen gesetzt.<\/p><p>Dank unserer Erfolgsbilanz konnten wir unsere Techniken perfektionieren und uns an die sich \u00e4ndernden Bed\u00fcrfnisse des Marktes anpassen, so dass wir jedem Kunden individuelle und effiziente L\u00f6sungen anbieten k\u00f6nnen.<\/p><p>Unser Engagement f\u00fcr Qualit\u00e4t spiegelt sich in jedem Projekt wider, das wir durchf\u00fchren. Wir verwenden nicht nur <strong>Erstklassige Materialien<\/strong> und fortschrittliche Technologien, aber wir verf\u00fcgen auch \u00fcber ein Team hochqualifizierter Experten, die sich bem\u00fchen, au\u00dfergew\u00f6hnliche Ergebnisse zu erzielen.<\/p>\t\t\t\t\t\t\t\t<\/div>\n\t\t\t\t<\/div>\n\t\t\t\t<\/div>\n\t\t\t\t\t<\/div>\n\t\t\t\t<\/div>\n\t\t<div class=\"elementor-element elementor-element-224c80ab e-flex e-con-boxed e-con e-parent\" data-id=\"224c80ab\" data-element_type=\"container\" data-e-type=\"container\">\n\t\t\t\t\t<div class=\"e-con-inner\">\n\t\t\t\t<div class=\"elementor-element elementor-element-6ace0fb2 elementor-widget elementor-widget-heading\" data-id=\"6ace0fb2\" data-element_type=\"widget\" data-e-type=\"widget\" data-widget_type=\"heading.default\">\n\t\t\t\t<div class=\"elementor-widget-container\">\n\t\t\t\t\t<h2 class=\"elementor-heading-title elementor-size-default\">Unsere Fachdienste\n<\/h2>\t\t\t\t<\/div>\n\t\t\t\t<\/div>\n\t\t\t\t<div class=\"elementor-element elementor-element-17d57b8e elementor-widget elementor-widget-text-editor\" data-id=\"17d57b8e\" data-element_type=\"widget\" data-e-type=\"widget\" data-widget_type=\"text-editor.default\">\n\t\t\t\t<div class=\"elementor-widget-container\">\n\t\t\t\t\t\t\t\t\t<p>Wir sind der Meinung, dass jeder Kunde das Beste verdient, und wir sind bestrebt <strong>Ihre Erwartungen \u00fcbertreffen<\/strong> in jeder Interaktion. <\/p>\t\t\t\t\t\t\t\t<\/div>\n\t\t\t\t<\/div>\n\t\t<div class=\"elementor-element elementor-element-5b7c53f8 e-flex e-con-boxed e-con e-child\" data-id=\"5b7c53f8\" data-element_type=\"container\" data-e-type=\"container\">\n\t\t\t\t\t<div class=\"e-con-inner\">\n\t\t<div class=\"elementor-element elementor-element-5de4d1c animated-fast e-flex e-con-boxed elementor-invisible e-con e-child\" data-id=\"5de4d1c\" data-element_type=\"container\" data-e-type=\"container\" data-settings=\"{&quot;animation&quot;:&quot;slideInRight&quot;,&quot;animation_delay&quot;:1000}\">\n\t\t\t\t\t<div class=\"e-con-inner\">\n\t\t\t\t<div class=\"elementor-element elementor-element-3f97a92b elementor-position-top elementor-widget elementor-widget-image-box\" data-id=\"3f97a92b\" data-element_type=\"widget\" data-e-type=\"widget\" data-widget_type=\"image-box.default\">\n\t\t\t\t<div class=\"elementor-widget-container\">\n\t\t\t\t\t<div class=\"elementor-image-box-wrapper\"><figure class=\"elementor-image-box-img\"><img loading=\"lazy\" decoding=\"async\" width=\"80\" height=\"80\" src=\"https:\/\/trmmallorca.es\/wp-content\/uploads\/2024\/10\/Proteccion-de-Pintura-para-Vehiculos.png\" class=\"elementor-animation-float attachment-full size-full wp-image-291\" alt=\"\" \/><\/figure><div class=\"elementor-image-box-content\"><h3 class=\"elementor-image-box-title\">Scheibent\u00f6nung<\/h3><p class=\"elementor-image-box-description\">Professioneller Scheibent\u00f6nungsdienst, T\u00dcV-gepr\u00fcft, mit 10 Jahren Garantie und in 2 Stunden fertig.<\/p><\/div><\/div>\t\t\t\t<\/div>\n\t\t\t\t<\/div>\n\t\t\t\t<div class=\"elementor-element elementor-element-ebb0ed9 elementor-mobile-align-center elementor-invisible elementor-widget elementor-widget-button\" data-id=\"ebb0ed9\" data-element_type=\"widget\" data-e-type=\"widget\" data-settings=\"{&quot;_animation&quot;:&quot;fadeInLeft&quot;}\" data-widget_type=\"button.default\">\n\t\t\t\t<div class=\"elementor-widget-container\">\n\t\t\t\t\t\t\t\t\t<div class=\"elementor-button-wrapper\">\n\t\t\t\t\t<a class=\"elementor-button elementor-button-link elementor-size-sm\" href=\"#tintados-de-luna\">\n\t\t\t\t\t\t<span class=\"elementor-button-content-wrapper\">\n\t\t\t\t\t\t\t\t\t<span class=\"elementor-button-text\">Mehr sehen!<\/span>\n\t\t\t\t\t<\/span>\n\t\t\t\t\t<\/a>\n\t\t\t\t<\/div>\n\t\t\t\t\t\t\t\t<\/div>\n\t\t\t\t<\/div>\n\t\t\t\t\t<\/div>\n\t\t\t\t<\/div>\n\t\t<div class=\"elementor-element elementor-element-670b555 animated-fast e-con-full e-flex elementor-invisible e-con e-child\" data-id=\"670b555\" data-element_type=\"container\" data-e-type=\"container\" data-settings=\"{&quot;animation&quot;:&quot;slideInRight&quot;,&quot;animation_delay&quot;:1000}\">\n\t\t\t\t<div class=\"elementor-element elementor-element-6eeae07 elementor-position-top elementor-widget elementor-widget-image-box\" data-id=\"6eeae07\" data-element_type=\"widget\" data-e-type=\"widget\" data-widget_type=\"image-box.default\">\n\t\t\t\t<div class=\"elementor-widget-container\">\n\t\t\t\t\t<div class=\"elementor-image-box-wrapper\"><figure class=\"elementor-image-box-img\"><img loading=\"lazy\" decoding=\"async\" width=\"80\" height=\"80\" src=\"https:\/\/trmmallorca.es\/wp-content\/uploads\/2024\/10\/Laminas-solares-para-edificio.png\" class=\"elementor-animation-float attachment-full size-full wp-image-289\" alt=\"icon\" \/><\/figure><div class=\"elementor-image-box-content\"><h3 class=\"elementor-image-box-title\">Solarfolie f\u00fcr Geb\u00e4ude<\/h3><p class=\"elementor-image-box-description\">Solarlaminate sch\u00fctzen Geb\u00e4ude vor \u00fcberm\u00e4\u00dfiger Hitze, senken die Energiekosten und verbessern den Raumkomfort, ohne das nat\u00fcrliche Licht zu beeintr\u00e4chtigen.<\/p><\/div><\/div>\t\t\t\t<\/div>\n\t\t\t\t<\/div>\n\t\t\t\t<div class=\"elementor-element elementor-element-03ca919 elementor-mobile-align-center elementor-invisible elementor-widget elementor-widget-button\" data-id=\"03ca919\" data-element_type=\"widget\" data-e-type=\"widget\" data-settings=\"{&quot;_animation&quot;:&quot;fadeInLeft&quot;}\" data-widget_type=\"button.default\">\n\t\t\t\t<div class=\"elementor-widget-container\">\n\t\t\t\t\t\t\t\t\t<div class=\"elementor-button-wrapper\">\n\t\t\t\t\t<a class=\"elementor-button elementor-button-link elementor-size-sm\" href=\"#laminas-edificios\u200b\">\n\t\t\t\t\t\t<span class=\"elementor-button-content-wrapper\">\n\t\t\t\t\t\t\t\t\t<span class=\"elementor-button-text\">Mehr sehen!<\/span>\n\t\t\t\t\t<\/span>\n\t\t\t\t\t<\/a>\n\t\t\t\t<\/div>\n\t\t\t\t\t\t\t\t<\/div>\n\t\t\t\t<\/div>\n\t\t\t\t<\/div>\n\t\t<div class=\"elementor-element elementor-element-090fa69 animated-fast e-con-full e-flex elementor-invisible e-con e-child\" data-id=\"090fa69\" data-element_type=\"container\" data-e-type=\"container\" data-settings=\"{&quot;animation&quot;:&quot;slideInRight&quot;,&quot;animation_delay&quot;:1000}\">\n\t\t\t\t<div class=\"elementor-element elementor-element-6b6ba45 elementor-position-top elementor-widget elementor-widget-image-box\" data-id=\"6b6ba45\" data-element_type=\"widget\" data-e-type=\"widget\" data-widget_type=\"image-box.default\">\n\t\t\t\t<div class=\"elementor-widget-container\">\n\t\t\t\t\t<div class=\"elementor-image-box-wrapper\"><figure class=\"elementor-image-box-img\"><img loading=\"lazy\" decoding=\"async\" width=\"80\" height=\"80\" src=\"https:\/\/trmmallorca.es\/wp-content\/uploads\/2024\/10\/Rotulacion-grafica.png\" class=\"elementor-animation-float attachment-full size-full wp-image-290\" alt=\"icon\" \/><\/figure><div class=\"elementor-image-box-content\"><h3 class=\"elementor-image-box-title\">Grafische Beschriftung<\/h3><p class=\"elementor-image-box-description\">Wir personalisieren Fahrzeuge und Gesch\u00e4ftsr\u00e4ume mit attraktiver grafischer Beschilderung, um die Sichtbarkeit der Marke zu verbessern und neue Kunden zu gewinnen.<\/p><\/div><\/div>\t\t\t\t<\/div>\n\t\t\t\t<\/div>\n\t\t\t\t<div class=\"elementor-element elementor-element-37e16d0 elementor-mobile-align-center elementor-invisible elementor-widget elementor-widget-button\" data-id=\"37e16d0\" data-element_type=\"widget\" data-e-type=\"widget\" data-settings=\"{&quot;_animation&quot;:&quot;fadeInLeft&quot;}\" data-widget_type=\"button.default\">\n\t\t\t\t<div class=\"elementor-widget-container\">\n\t\t\t\t\t\t\t\t\t<div class=\"elementor-button-wrapper\">\n\t\t\t\t\t<a class=\"elementor-button elementor-button-link elementor-size-sm\" href=\"#rotulacion-grafica\u200b\u200b\">\n\t\t\t\t\t\t<span class=\"elementor-button-content-wrapper\">\n\t\t\t\t\t\t\t\t\t<span class=\"elementor-button-text\">Mehr sehen!<\/span>\n\t\t\t\t\t<\/span>\n\t\t\t\t\t<\/a>\n\t\t\t\t<\/div>\n\t\t\t\t\t\t\t\t<\/div>\n\t\t\t\t<\/div>\n\t\t\t\t<\/div>\n\t\t\t\t\t<\/div>\n\t\t\t\t<\/div>\n\t\t\t\t\t<\/div>\n\t\t\t\t<\/div>\n\t\t<div class=\"elementor-element elementor-element-5481194d e-flex e-con-boxed e-con e-parent\" data-id=\"5481194d\" data-element_type=\"container\" data-e-type=\"container\" id=\"tintados-de-luna\">\n\t\t\t\t\t<div class=\"e-con-inner\">\n\t\t<div class=\"elementor-element elementor-element-57d33fc7 e-flex e-con-boxed e-con e-child\" data-id=\"57d33fc7\" data-element_type=\"container\" data-e-type=\"container\">\n\t\t\t\t\t<div class=\"e-con-inner\">\n\t\t\t\t<div class=\"elementor-element elementor-element-f9dbad9 elementor-widget elementor-widget-image\" data-id=\"f9dbad9\" data-element_type=\"widget\" data-e-type=\"widget\" data-widget_type=\"image.default\">\n\t\t\t\t<div class=\"elementor-widget-container\">\n\t\t\t\t\t\t\t\t\t\t\t\t\t\t\t<img loading=\"lazy\" decoding=\"async\" width=\"479\" height=\"500\" src=\"https:\/\/trmmallorca.es\/wp-content\/uploads\/2024\/11\/D_NQ_NP_969784-MLU72209324271_102023-O.webp\" class=\"attachment-large size-large wp-image-743\" alt=\"\" srcset=\"https:\/\/trmmallorca.es\/wp-content\/uploads\/2024\/11\/D_NQ_NP_969784-MLU72209324271_102023-O.webp 479w, https:\/\/trmmallorca.es\/wp-content\/uploads\/2024\/11\/D_NQ_NP_969784-MLU72209324271_102023-O-287x300.webp 287w\" sizes=\"(max-width: 479px) 100vw, 479px\" \/>\t\t\t\t\t\t\t\t\t\t\t\t\t\t\t<\/div>\n\t\t\t\t<\/div>\n\t\t\t\t<div class=\"elementor-element elementor-element-1238ce8 elementor-widget elementor-widget-image\" data-id=\"1238ce8\" data-element_type=\"widget\" data-e-type=\"widget\" data-widget_type=\"image.default\">\n\t\t\t\t<div class=\"elementor-widget-container\">\n\t\t\t\t\t\t\t\t\t\t\t\t\t\t\t<img loading=\"lazy\" decoding=\"async\" width=\"640\" height=\"428\" src=\"https:\/\/trmmallorca.es\/wp-content\/uploads\/2024\/10\/marinetinting-640w.webp\" class=\"attachment-large size-large wp-image-355\" alt=\"\" srcset=\"https:\/\/trmmallorca.es\/wp-content\/uploads\/2024\/10\/marinetinting-640w.webp 640w, https:\/\/trmmallorca.es\/wp-content\/uploads\/2024\/10\/marinetinting-640w-300x201.webp 300w\" sizes=\"(max-width: 640px) 100vw, 640px\" \/>\t\t\t\t\t\t\t\t\t\t\t\t\t\t\t<\/div>\n\t\t\t\t<\/div>\n\t\t\t\t\t<\/div>\n\t\t\t\t<\/div>\n\t\t<div class=\"elementor-element elementor-element-7cbae385 e-flex e-con-boxed e-con e-child\" data-id=\"7cbae385\" data-element_type=\"container\" data-e-type=\"container\">\n\t\t\t\t\t<div class=\"e-con-inner\">\n\t\t\t\t<div class=\"elementor-element elementor-element-62a9a72 elementor-invisible elementor-widget elementor-widget-heading\" data-id=\"62a9a72\" data-element_type=\"widget\" data-e-type=\"widget\" data-settings=\"{&quot;_animation&quot;:&quot;fadeInDown&quot;}\" data-widget_type=\"heading.default\">\n\t\t\t\t<div class=\"elementor-widget-container\">\n\t\t\t\t\t<h2 class=\"elementor-heading-title elementor-size-default\">SCH\u00dcTZEN SIE IHRE FAMILIE VOR DER SONNE<\/h2>\t\t\t\t<\/div>\n\t\t\t\t<\/div>\n\t\t\t\t<div class=\"elementor-element elementor-element-50d3af1d elementor-widget elementor-widget-heading\" data-id=\"50d3af1d\" data-element_type=\"widget\" data-e-type=\"widget\" data-widget_type=\"heading.default\">\n\t\t\t\t<div class=\"elementor-widget-container\">\n\t\t\t\t\t<h2 class=\"elementor-heading-title elementor-size-default\">Scheibent\u00f6nung <\/h2>\t\t\t\t<\/div>\n\t\t\t\t<\/div>\n\t\t\t\t<div class=\"elementor-element elementor-element-7eed1304 elementor-widget elementor-widget-text-editor\" data-id=\"7eed1304\" data-element_type=\"widget\" data-e-type=\"widget\" data-widget_type=\"text-editor.default\">\n\t\t\t\t<div class=\"elementor-widget-container\">\n\t\t\t\t\t\t\t\t\t<p>TRM Tintado de Lunas bietet ITV-gepr\u00fcfte get\u00f6nte Scheiben f\u00fcr Autos und Boote, mit einer <strong>10 Jahre Garantie<\/strong> und Installation in nur <strong>2 Stunden.<\/strong><\/p>\t\t\t\t\t\t\t\t<\/div>\n\t\t\t\t<\/div>\n\t\t<div class=\"elementor-element elementor-element-1f3c5dc e-con-full e-flex e-con e-child\" data-id=\"1f3c5dc\" data-element_type=\"container\" data-e-type=\"container\">\n\t\t\t\t<div class=\"elementor-element elementor-element-3b98b2d elementor-view-stacked elementor-position-inline-start elementor-widget__width-inherit elementor-shape-circle elementor-mobile-position-block-start elementor-widget elementor-widget-icon-box\" data-id=\"3b98b2d\" data-element_type=\"widget\" data-e-type=\"widget\" data-widget_type=\"icon-box.default\">\n\t\t\t\t<div class=\"elementor-widget-container\">\n\t\t\t\t\t\t\t<div class=\"elementor-icon-box-wrapper\">\n\n\t\t\t\t\t\t<div class=\"elementor-icon-box-icon\">\n\t\t\t\t<span  class=\"elementor-icon\">\n\t\t\t\t<i aria-hidden=\"true\" class=\"icon icon-check\"><\/i>\t\t\t\t<\/span>\n\t\t\t<\/div>\n\t\t\t\n\t\t\t\t\t\t<div class=\"elementor-icon-box-content\">\n\n\t\t\t\t\t\t\t\t\t<h3 class=\"elementor-icon-box-title\">\n\t\t\t\t\t\t<span  >\n\t\t\t\t\t\t\tPRIVATSPH\u00c4RE - SICHERHEIT UND STIL\t\t\t\t\t\t<\/span>\n\t\t\t\t\t<\/h3>\n\t\t\t\t\n\t\t\t\t\n\t\t\t<\/div>\n\t\t\t\n\t\t<\/div>\n\t\t\t\t\t\t<\/div>\n\t\t\t\t<\/div>\n\t\t\t\t<div class=\"elementor-element elementor-element-3fb5097 elementor-widget__width-initial elementor-widget elementor-widget-text-editor\" data-id=\"3fb5097\" data-element_type=\"widget\" data-e-type=\"widget\" data-widget_type=\"text-editor.default\">\n\t\t\t\t<div class=\"elementor-widget-container\">\n\t\t\t\t\t\t\t\t\t<p>Unsere Spezialfolien, so dunkel sie von au\u00dfen auch aussehen m\u00f6gen, erm\u00f6glichen eine optimale Sicht aus dem Fahrzeuginneren.<\/p>\t\t\t\t\t\t\t\t<\/div>\n\t\t\t\t<\/div>\n\t\t\t\t<\/div>\n\t\t<div class=\"elementor-element elementor-element-74ac56c0 e-flex e-con-boxed e-con e-child\" data-id=\"74ac56c0\" data-element_type=\"container\" data-e-type=\"container\">\n\t\t\t\t\t<div class=\"e-con-inner\">\n\t\t\t\t<div class=\"elementor-element elementor-element-5f4e6301 elementor-view-stacked elementor-position-inline-start elementor-widget__width-inherit elementor-shape-circle elementor-mobile-position-block-start elementor-widget elementor-widget-icon-box\" data-id=\"5f4e6301\" data-element_type=\"widget\" data-e-type=\"widget\" data-widget_type=\"icon-box.default\">\n\t\t\t\t<div class=\"elementor-widget-container\">\n\t\t\t\t\t\t\t<div class=\"elementor-icon-box-wrapper\">\n\n\t\t\t\t\t\t<div class=\"elementor-icon-box-icon\">\n\t\t\t\t<span  class=\"elementor-icon\">\n\t\t\t\t<i aria-hidden=\"true\" class=\"icon icon-check\"><\/i>\t\t\t\t<\/span>\n\t\t\t<\/div>\n\t\t\t\n\t\t\t\t\t\t<div class=\"elementor-icon-box-content\">\n\n\t\t\t\t\t\t\t\t\t<h3 class=\"elementor-icon-box-title\">\n\t\t\t\t\t\t<span  >\n\t\t\t\t\t\t\tEINIGE VORTEILE\t\t\t\t\t\t<\/span>\n\t\t\t\t\t<\/h3>\n\t\t\t\t\n\t\t\t\t\n\t\t\t<\/div>\n\t\t\t\n\t\t<\/div>\n\t\t\t\t\t\t<\/div>\n\t\t\t\t<\/div>\n\t\t\t\t<div class=\"elementor-element elementor-element-bdd0414 elementor-widget__width-initial elementor-widget elementor-widget-text-editor\" data-id=\"bdd0414\" data-element_type=\"widget\" data-e-type=\"widget\" data-widget_type=\"text-editor.default\">\n\t\t\t\t<div class=\"elementor-widget-container\">\n\t\t\t\t\t\t\t\t\t<p>Die Vorteile des Dienstes sind<\/p>\t\t\t\t\t\t\t\t<\/div>\n\t\t\t\t<\/div>\n\t\t\t\t<div class=\"elementor-element elementor-element-7709769 elementor-widget__width-initial elementor-widget elementor-widget-text-editor\" data-id=\"7709769\" data-element_type=\"widget\" data-e-type=\"widget\" data-widget_type=\"text-editor.default\">\n\t\t\t\t<div class=\"elementor-widget-container\">\n\t\t\t\t\t\t\t\t\t<ul><li>Sch\u00fctzt die Familie vor unangenehmer Sonneneinstrahlung.<\/li><li>Sie weist bis zu 70% Sonnenenergie zur\u00fcck, was das Auto k\u00fchler und angenehmer macht.<\/li><li>Verbessert das Design und den Stil des Fahrzeugs und steigert seinen Wert durch Verbesserung des Aussehens und der Erhaltung.<\/li><li>Sch\u00fctzt bis zu 99% vor UV-Strahlen, verl\u00e4ngert die Lebensdauer und verbessert das Aussehen des Fahrzeuginnenraums.<\/li><li>Erh\u00f6ht die Privatsph\u00e4re und Sicherheit von Gegenst\u00e4nden im Fahrzeug, da sie von au\u00dfen weniger sichtbar sind.<\/li><li>Reduziert den Kraftstoffverbrauch durch geringere Klimatisierungskosten.<\/li><li>Verringert Blendung und Erm\u00fcdung der Augen und vermeidet so m\u00f6gliche Unf\u00e4lle.<\/li><li>Erh\u00f6ht die Sicherheit bei Unf\u00e4llen und Glasbruch, da das Glas nicht nach au\u00dfen ragt und das Eindringen im Falle eines Diebstahls erschwert wird.<\/li><\/ul>\t\t\t\t\t\t\t\t<\/div>\n\t\t\t\t<\/div>\n\t\t\t\t<div class=\"elementor-element elementor-element-344f4ae elementor-mobile-align-center elementor-invisible elementor-widget elementor-widget-button\" data-id=\"344f4ae\" data-element_type=\"widget\" data-e-type=\"widget\" data-settings=\"{&quot;_animation&quot;:&quot;fadeInLeft&quot;}\" data-widget_type=\"button.default\">\n\t\t\t\t<div class=\"elementor-widget-container\">\n\t\t\t\t\t\t\t\t\t<div class=\"elementor-button-wrapper\">\n\t\t\t\t\t<a class=\"elementor-button elementor-button-link elementor-size-sm\" href=\"https:\/\/trmmallorca.es\/de\/contacto\/\">\n\t\t\t\t\t\t<span class=\"elementor-button-content-wrapper\">\n\t\t\t\t\t\t\t\t\t<span class=\"elementor-button-text\">Kontaktieren Sie uns jetzt!<\/span>\n\t\t\t\t\t<\/span>\n\t\t\t\t\t<\/a>\n\t\t\t\t<\/div>\n\t\t\t\t\t\t\t\t<\/div>\n\t\t\t\t<\/div>\n\t\t\t\t\t<\/div>\n\t\t\t\t<\/div>\n\t\t\t\t\t<\/div>\n\t\t\t\t<\/div>\n\t\t\t\t\t<\/div>\n\t\t\t\t<\/div>\n\t\t<div class=\"elementor-element elementor-element-b762091 e-flex e-con-boxed e-con e-parent\" data-id=\"b762091\" data-element_type=\"container\" data-e-type=\"container\" id=\"laminas-edificios\u200b\">\n\t\t\t\t\t<div class=\"e-con-inner\">\n\t\t<div class=\"elementor-element elementor-element-ca7e26e e-flex e-con-boxed e-con e-child\" data-id=\"ca7e26e\" data-element_type=\"container\" data-e-type=\"container\">\n\t\t\t\t\t<div class=\"e-con-inner\">\n\t\t\t\t<div class=\"elementor-element elementor-element-9216282 elementor-widget elementor-widget-image\" data-id=\"9216282\" data-element_type=\"widget\" data-e-type=\"widget\" data-widget_type=\"image.default\">\n\t\t\t\t<div class=\"elementor-widget-container\">\n\t\t\t\t\t\t\t\t\t\t\t\t\t\t\t<img loading=\"lazy\" decoding=\"async\" width=\"800\" height=\"450\" src=\"https:\/\/trmmallorca.es\/wp-content\/uploads\/2024\/10\/Solar-Film-for-Office-Windows-Singapore-LLumar-Glass-Tinted-Window-Film-for-Offices.jpg\" class=\"attachment-large size-large wp-image-394\" alt=\"\" srcset=\"https:\/\/trmmallorca.es\/wp-content\/uploads\/2024\/10\/Solar-Film-for-Office-Windows-Singapore-LLumar-Glass-Tinted-Window-Film-for-Offices.jpg 800w, https:\/\/trmmallorca.es\/wp-content\/uploads\/2024\/10\/Solar-Film-for-Office-Windows-Singapore-LLumar-Glass-Tinted-Window-Film-for-Offices-300x169.jpg 300w, https:\/\/trmmallorca.es\/wp-content\/uploads\/2024\/10\/Solar-Film-for-Office-Windows-Singapore-LLumar-Glass-Tinted-Window-Film-for-Offices-768x432.jpg 768w\" sizes=\"(max-width: 800px) 100vw, 800px\" \/>\t\t\t\t\t\t\t\t\t\t\t\t\t\t\t<\/div>\n\t\t\t\t<\/div>\n\t\t\t\t<div class=\"elementor-element elementor-element-33f3074 elementor-widget elementor-widget-image\" data-id=\"33f3074\" data-element_type=\"widget\" data-e-type=\"widget\" data-widget_type=\"image.default\">\n\t\t\t\t<div class=\"elementor-widget-container\">\n\t\t\t\t\t\t\t\t\t\t\t\t\t\t\t<img loading=\"lazy\" decoding=\"async\" width=\"657\" height=\"662\" src=\"https:\/\/trmmallorca.es\/wp-content\/uploads\/2024\/11\/22.jpg\" class=\"attachment-large size-large wp-image-748\" alt=\"\" srcset=\"https:\/\/trmmallorca.es\/wp-content\/uploads\/2024\/11\/22.jpg 657w, https:\/\/trmmallorca.es\/wp-content\/uploads\/2024\/11\/22-298x300.jpg 298w, https:\/\/trmmallorca.es\/wp-content\/uploads\/2024\/11\/22-150x150.jpg 150w\" sizes=\"(max-width: 657px) 100vw, 657px\" \/>\t\t\t\t\t\t\t\t\t\t\t\t\t\t\t<\/div>\n\t\t\t\t<\/div>\n\t\t\t\t\t<\/div>\n\t\t\t\t<\/div>\n\t\t<div class=\"elementor-element elementor-element-859f6a5 e-flex e-con-boxed e-con e-child\" data-id=\"859f6a5\" data-element_type=\"container\" data-e-type=\"container\">\n\t\t\t\t\t<div class=\"e-con-inner\">\n\t\t\t\t<div class=\"elementor-element elementor-element-9f897f3 elementor-invisible elementor-widget elementor-widget-heading\" data-id=\"9f897f3\" data-element_type=\"widget\" data-e-type=\"widget\" data-settings=\"{&quot;_animation&quot;:&quot;fadeInDown&quot;}\" data-widget_type=\"heading.default\">\n\t\t\t\t<div class=\"elementor-widget-container\">\n\t\t\t\t\t<h2 class=\"elementor-heading-title elementor-size-default\">UNTERNEHMEN, HOTELS, B\u00dcROS UND WOHNUNGEN<\/h2>\t\t\t\t<\/div>\n\t\t\t\t<\/div>\n\t\t\t\t<div class=\"elementor-element elementor-element-2ab270a elementor-widget elementor-widget-heading\" data-id=\"2ab270a\" data-element_type=\"widget\" data-e-type=\"widget\" data-widget_type=\"heading.default\">\n\t\t\t\t<div class=\"elementor-widget-container\">\n\t\t\t\t\t<h2 class=\"elementor-heading-title elementor-size-default\">Folien f\u00fcr Geb\u00e4ude<\/h2>\t\t\t\t<\/div>\n\t\t\t\t<\/div>\n\t\t\t\t<div class=\"elementor-element elementor-element-210f66b elementor-widget elementor-widget-text-editor\" data-id=\"210f66b\" data-element_type=\"widget\" data-e-type=\"widget\" data-widget_type=\"text-editor.default\">\n\t\t\t\t<div class=\"elementor-widget-container\">\n\t\t\t\t\t\t\t\t\t<p>Wir bieten L\u00f6sungen f\u00fcr Sicherheit, Privatsph\u00e4re und Dekoration. Wir sind Spezialisten f\u00fcr die Installation von Sonnenschutzfolien in verschiedenen R\u00e4umen.<\/p>\t\t\t\t\t\t\t\t<\/div>\n\t\t\t\t<\/div>\n\t\t<div class=\"elementor-element elementor-element-5c4d880 e-con-full e-flex e-con e-child\" data-id=\"5c4d880\" data-element_type=\"container\" data-e-type=\"container\">\n\t\t\t\t<div class=\"elementor-element elementor-element-9b3dcb9 elementor-view-stacked elementor-position-inline-start elementor-widget__width-inherit elementor-shape-circle elementor-mobile-position-block-start elementor-widget elementor-widget-icon-box\" data-id=\"9b3dcb9\" data-element_type=\"widget\" data-e-type=\"widget\" data-widget_type=\"icon-box.default\">\n\t\t\t\t<div class=\"elementor-widget-container\">\n\t\t\t\t\t\t\t<div class=\"elementor-icon-box-wrapper\">\n\n\t\t\t\t\t\t<div class=\"elementor-icon-box-icon\">\n\t\t\t\t<span  class=\"elementor-icon\">\n\t\t\t\t<i aria-hidden=\"true\" class=\"icon icon-check\"><\/i>\t\t\t\t<\/span>\n\t\t\t<\/div>\n\t\t\t\n\t\t\t\t\t\t<div class=\"elementor-icon-box-content\">\n\n\t\t\t\t\t\t\t\t\t<h3 class=\"elementor-icon-box-title\">\n\t\t\t\t\t\t<span  >\n\t\t\t\t\t\t\tHAUPTVORTEILE\t\t\t\t\t\t<\/span>\n\t\t\t\t\t<\/h3>\n\t\t\t\t\n\t\t\t\t\n\t\t\t<\/div>\n\t\t\t\n\t\t<\/div>\n\t\t\t\t\t\t<\/div>\n\t\t\t\t<\/div>\n\t\t\t\t<div class=\"elementor-element elementor-element-7ce8749 elementor-widget__width-initial elementor-widget elementor-widget-text-editor\" data-id=\"7ce8749\" data-element_type=\"widget\" data-e-type=\"widget\" data-widget_type=\"text-editor.default\">\n\t\t\t\t<div class=\"elementor-widget-container\">\n\t\t\t\t\t\t\t\t\t<p>Die Vorteile des Dienstes sind<\/p>\t\t\t\t\t\t\t\t<\/div>\n\t\t\t\t<\/div>\n\t\t\t\t<div class=\"elementor-element elementor-element-6a9bae9 elementor-widget__width-initial elementor-widget elementor-widget-text-editor\" data-id=\"6a9bae9\" data-element_type=\"widget\" data-e-type=\"widget\" data-widget_type=\"text-editor.default\">\n\t\t\t\t<div class=\"elementor-widget-container\">\n\t\t\t\t\t\t\t\t\t<ul><li><strong>Sonnenschutz:<\/strong> Weist bis zu 80% Sonnenw\u00e4rme und bis zu 99% UV-Strahlung ab.<\/li><li><strong>Blendreduzierung:<\/strong> Verringert die Blendwirkung und sch\u00fctzt so Ihre Sicht.<\/li><li><strong>Sicherheit bei Unf\u00e4llen:<\/strong> Verhindert das Herausfliegen von Glas im Falle eines Unfalls.<\/li><li><strong>\u00c4sthetik und Design:<\/strong> Verbessert das Design und den Stil Ihrer R\u00e4ume.<\/li><li><strong>Privatsph\u00e4re:<\/strong> Bietet ein angemessenes Ma\u00df an Privatsph\u00e4re, ohne das nat\u00fcrliche Licht zu beeintr\u00e4chtigen.<\/li><li><strong>W\u00e4rmed\u00e4mmung:<\/strong> Erh\u00f6ht die W\u00e4rmed\u00e4mmung und verbessert so die Energieeffizienz Ihrer Einrichtungen.<\/li><\/ul>\t\t\t\t\t\t\t\t<\/div>\n\t\t\t\t<\/div>\n\t\t\t\t<\/div>\n\t\t<div class=\"elementor-element elementor-element-c12a67c e-con-full e-flex e-con e-child\" data-id=\"c12a67c\" data-element_type=\"container\" data-e-type=\"container\">\n\t\t\t\t<div class=\"elementor-element elementor-element-a80b7f2 elementor-view-stacked elementor-position-inline-start elementor-widget__width-inherit elementor-shape-circle elementor-mobile-position-block-start elementor-widget elementor-widget-icon-box\" data-id=\"a80b7f2\" data-element_type=\"widget\" data-e-type=\"widget\" data-widget_type=\"icon-box.default\">\n\t\t\t\t<div class=\"elementor-widget-container\">\n\t\t\t\t\t\t\t<div class=\"elementor-icon-box-wrapper\">\n\n\t\t\t\t\t\t<div class=\"elementor-icon-box-icon\">\n\t\t\t\t<span  class=\"elementor-icon\">\n\t\t\t\t<i aria-hidden=\"true\" class=\"icon icon-check\"><\/i>\t\t\t\t<\/span>\n\t\t\t<\/div>\n\t\t\t\n\t\t\t\t\t\t<div class=\"elementor-icon-box-content\">\n\n\t\t\t\t\t\t\t\t\t<h3 class=\"elementor-icon-box-title\">\n\t\t\t\t\t\t<span  >\n\t\t\t\t\t\t\tEINE VIELZAHL VON FARBT\u00d6NEN:\t\t\t\t\t\t<\/span>\n\t\t\t\t\t<\/h3>\n\t\t\t\t\n\t\t\t\t\n\t\t\t<\/div>\n\t\t\t\n\t\t<\/div>\n\t\t\t\t\t\t<\/div>\n\t\t\t\t<\/div>\n\t\t\t\t<div class=\"elementor-element elementor-element-9371083 elementor-widget__width-initial elementor-widget elementor-widget-text-editor\" data-id=\"9371083\" data-element_type=\"widget\" data-e-type=\"widget\" data-widget_type=\"text-editor.default\">\n\t\t\t\t<div class=\"elementor-widget-container\">\n\t\t\t\t\t\t\t\t\t<p>Erh\u00e4ltlich in verschiedenen Farben und Schattierungen: 70%, 50%, 35%, 20% und 5% Deckkraft.<\/p>\t\t\t\t\t\t\t\t<\/div>\n\t\t\t\t<\/div>\n\t\t\t\t<\/div>\n\t\t<div class=\"elementor-element elementor-element-b5a108e e-con-full e-flex e-con e-child\" data-id=\"b5a108e\" data-element_type=\"container\" data-e-type=\"container\">\n\t\t\t\t<div class=\"elementor-element elementor-element-042b9a0 elementor-view-stacked elementor-position-inline-start elementor-widget__width-inherit elementor-shape-circle elementor-mobile-position-block-start elementor-widget elementor-widget-icon-box\" data-id=\"042b9a0\" data-element_type=\"widget\" data-e-type=\"widget\" data-widget_type=\"icon-box.default\">\n\t\t\t\t<div class=\"elementor-widget-container\">\n\t\t\t\t\t\t\t<div class=\"elementor-icon-box-wrapper\">\n\n\t\t\t\t\t\t<div class=\"elementor-icon-box-icon\">\n\t\t\t\t<span  class=\"elementor-icon\">\n\t\t\t\t<i aria-hidden=\"true\" class=\"icon icon-check\"><\/i>\t\t\t\t<\/span>\n\t\t\t<\/div>\n\t\t\t\n\t\t\t\t\t\t<div class=\"elementor-icon-box-content\">\n\n\t\t\t\t\t\t\t\t\t<h3 class=\"elementor-icon-box-title\">\n\t\t\t\t\t\t<span  >\n\t\t\t\t\t\t\tTRANSPARENTE FOLIEN\t\t\t\t\t\t<\/span>\n\t\t\t\t\t<\/h3>\n\t\t\t\t\n\t\t\t\t\n\t\t\t<\/div>\n\t\t\t\n\t\t<\/div>\n\t\t\t\t\t\t<\/div>\n\t\t\t\t<\/div>\n\t\t\t\t<div class=\"elementor-element elementor-element-92a268f elementor-widget__width-initial elementor-widget elementor-widget-text-editor\" data-id=\"92a268f\" data-element_type=\"widget\" data-e-type=\"widget\" data-widget_type=\"text-editor.default\">\n\t\t\t\t<div class=\"elementor-widget-container\">\n\t\t\t\t\t\t\t\t\t<p>Mit 90% UV-Schutz.<\/p>\t\t\t\t\t\t\t\t<\/div>\n\t\t\t\t<\/div>\n\t\t\t\t<\/div>\n\t\t\t\t<div class=\"elementor-element elementor-element-ec28d80 elementor-mobile-align-center elementor-invisible elementor-widget elementor-widget-button\" data-id=\"ec28d80\" data-element_type=\"widget\" data-e-type=\"widget\" data-settings=\"{&quot;_animation&quot;:&quot;fadeInLeft&quot;}\" data-widget_type=\"button.default\">\n\t\t\t\t<div class=\"elementor-widget-container\">\n\t\t\t\t\t\t\t\t\t<div class=\"elementor-button-wrapper\">\n\t\t\t\t\t<a class=\"elementor-button elementor-button-link elementor-size-sm\" href=\"https:\/\/trmmallorca.es\/de\/contacto\/\">\n\t\t\t\t\t\t<span class=\"elementor-button-content-wrapper\">\n\t\t\t\t\t\t\t\t\t<span class=\"elementor-button-text\">Kontaktieren Sie uns jetzt!<\/span>\n\t\t\t\t\t<\/span>\n\t\t\t\t\t<\/a>\n\t\t\t\t<\/div>\n\t\t\t\t\t\t\t\t<\/div>\n\t\t\t\t<\/div>\n\t\t\t\t\t<\/div>\n\t\t\t\t<\/div>\n\t\t\t\t\t<\/div>\n\t\t\t\t<\/div>\n\t\t<div class=\"elementor-element elementor-element-7a087c9 e-flex e-con-boxed e-con e-parent\" data-id=\"7a087c9\" data-element_type=\"container\" data-e-type=\"container\" id=\"rotulacion-grafica\u200b\u200b\">\n\t\t\t\t\t<div class=\"e-con-inner\">\n\t\t<div class=\"elementor-element elementor-element-4bece7c e-flex e-con-boxed e-con e-child\" data-id=\"4bece7c\" data-element_type=\"container\" data-e-type=\"container\">\n\t\t\t\t\t<div class=\"e-con-inner\">\n\t\t\t\t<div class=\"elementor-element elementor-element-a112c03 elementor-widget elementor-widget-image\" data-id=\"a112c03\" data-element_type=\"widget\" data-e-type=\"widget\" data-widget_type=\"image.default\">\n\t\t\t\t<div class=\"elementor-widget-container\">\n\t\t\t\t\t\t\t\t\t\t\t\t\t\t\t<img decoding=\"async\" width=\"736\" height=\"736\" src=\"https:\/\/trmmallorca.es\/wp-content\/uploads\/2024\/10\/ee7ea7756fd910094be04ce454dc6006.jpg\" class=\"attachment-large size-large wp-image-349\" alt=\"\" srcset=\"https:\/\/trmmallorca.es\/wp-content\/uploads\/2024\/10\/ee7ea7756fd910094be04ce454dc6006.jpg 736w, https:\/\/trmmallorca.es\/wp-content\/uploads\/2024\/10\/ee7ea7756fd910094be04ce454dc6006-300x300.jpg 300w, https:\/\/trmmallorca.es\/wp-content\/uploads\/2024\/10\/ee7ea7756fd910094be04ce454dc6006-150x150.jpg 150w\" sizes=\"(max-width: 736px) 100vw, 736px\" \/>\t\t\t\t\t\t\t\t\t\t\t\t\t\t\t<\/div>\n\t\t\t\t<\/div>\n\t\t\t\t<div class=\"elementor-element elementor-element-2d2ea8e elementor-widget elementor-widget-image\" data-id=\"2d2ea8e\" data-element_type=\"widget\" data-e-type=\"widget\" data-widget_type=\"image.default\">\n\t\t\t\t<div class=\"elementor-widget-container\">\n\t\t\t\t\t\t\t\t\t\t\t\t\t\t\t<img loading=\"lazy\" decoding=\"async\" width=\"800\" height=\"533\" src=\"https:\/\/trmmallorca.es\/wp-content\/uploads\/2024\/10\/trm-5-1024x682.jpg\" class=\"attachment-large size-large wp-image-224\" alt=\"laminado-de-auto\" srcset=\"https:\/\/trmmallorca.es\/wp-content\/uploads\/2024\/10\/trm-5-1024x682.jpg 1024w, https:\/\/trmmallorca.es\/wp-content\/uploads\/2024\/10\/trm-5-300x200.jpg 300w, https:\/\/trmmallorca.es\/wp-content\/uploads\/2024\/10\/trm-5-768x512.jpg 768w, https:\/\/trmmallorca.es\/wp-content\/uploads\/2024\/10\/trm-5-1536x1024.jpg 1536w, https:\/\/trmmallorca.es\/wp-content\/uploads\/2024\/10\/trm-5.jpg 2000w\" sizes=\"(max-width: 800px) 100vw, 800px\" \/>\t\t\t\t\t\t\t\t\t\t\t\t\t\t\t<\/div>\n\t\t\t\t<\/div>\n\t\t\t\t\t<\/div>\n\t\t\t\t<\/div>\n\t\t<div class=\"elementor-element elementor-element-a72e198 e-flex e-con-boxed e-con e-child\" data-id=\"a72e198\" data-element_type=\"container\" data-e-type=\"container\">\n\t\t\t\t\t<div class=\"e-con-inner\">\n\t\t\t\t<div class=\"elementor-element elementor-element-f86581b elementor-invisible elementor-widget elementor-widget-heading\" data-id=\"f86581b\" data-element_type=\"widget\" data-e-type=\"widget\" data-settings=\"{&quot;_animation&quot;:&quot;fadeInDown&quot;}\" data-widget_type=\"heading.default\">\n\t\t\t\t<div class=\"elementor-widget-container\">\n\t\t\t\t\t<h2 class=\"elementor-heading-title elementor-size-default\">HERSTELLUNG UND RENOVIERUNG VON SCHILDERN UND FASSADEN<\/h2>\t\t\t\t<\/div>\n\t\t\t\t<\/div>\n\t\t\t\t<div class=\"elementor-element elementor-element-7d98c47 elementor-widget elementor-widget-heading\" data-id=\"7d98c47\" data-element_type=\"widget\" data-e-type=\"widget\" data-widget_type=\"heading.default\">\n\t\t\t\t<div class=\"elementor-widget-container\">\n\t\t\t\t\t<h2 class=\"elementor-heading-title elementor-size-default\">Grafische Beschriftung<\/h2>\t\t\t\t<\/div>\n\t\t\t\t<\/div>\n\t\t\t\t<div class=\"elementor-element elementor-element-a26378b elementor-widget elementor-widget-text-editor\" data-id=\"a26378b\" data-element_type=\"widget\" data-e-type=\"widget\" data-widget_type=\"text-editor.default\">\n\t\t\t\t<div class=\"elementor-widget-container\">\n\t\t\t\t\t\t\t\t\t<p>Die grafische Beschilderung ist ein wesentliches Instrument der visuellen Kommunikation, das es den Unternehmen erm\u00f6glicht, ihre Marke und ihre Dienstleistungen durch attraktive und personalisierte Designs hervorzuheben.<\/p>\t\t\t\t\t\t\t\t<\/div>\n\t\t\t\t<\/div>\n\t\t<div class=\"elementor-element elementor-element-33097ed e-con-full e-flex e-con e-child\" data-id=\"33097ed\" data-element_type=\"container\" data-e-type=\"container\">\n\t\t\t\t<div class=\"elementor-element elementor-element-d8c3511 elementor-view-stacked elementor-position-inline-start elementor-widget__width-inherit elementor-shape-circle elementor-mobile-position-block-start elementor-widget elementor-widget-icon-box\" data-id=\"d8c3511\" data-element_type=\"widget\" data-e-type=\"widget\" data-widget_type=\"icon-box.default\">\n\t\t\t\t<div class=\"elementor-widget-container\">\n\t\t\t\t\t\t\t<div class=\"elementor-icon-box-wrapper\">\n\n\t\t\t\t\t\t<div class=\"elementor-icon-box-icon\">\n\t\t\t\t<span  class=\"elementor-icon\">\n\t\t\t\t<i aria-hidden=\"true\" class=\"icon icon-check\"><\/i>\t\t\t\t<\/span>\n\t\t\t<\/div>\n\t\t\t\n\t\t\t\t\t\t<div class=\"elementor-icon-box-content\">\n\n\t\t\t\t\t\t\t\t\t<h3 class=\"elementor-icon-box-title\">\n\t\t\t\t\t\t<span  >\n\t\t\t\t\t\t\tDEKORATIVE AUFKLEBER\t\t\t\t\t\t<\/span>\n\t\t\t\t\t<\/h3>\n\t\t\t\t\n\t\t\t\t\n\t\t\t<\/div>\n\t\t\t\n\t\t<\/div>\n\t\t\t\t\t\t<\/div>\n\t\t\t\t<\/div>\n\t\t\t\t<div class=\"elementor-element elementor-element-588918b elementor-widget__width-initial elementor-widget elementor-widget-text-editor\" data-id=\"588918b\" data-element_type=\"widget\" data-e-type=\"widget\" data-widget_type=\"text-editor.default\">\n\t\t\t\t<div class=\"elementor-widget-container\">\n\t\t\t\t\t\t\t\t\t<p>Wir verwenden Dekorationsfolien f\u00fcr Fenster in Kliniken, Sch\u00f6nheitssalons, Friseursalons, Gesch\u00e4ften und B\u00fcros, die Dekoration, Privatsph\u00e4re und Stil bieten.<\/p>\t\t\t\t\t\t\t\t<\/div>\n\t\t\t\t<\/div>\n\t\t\t\t<\/div>\n\t\t<div class=\"elementor-element elementor-element-55c42fc e-con-full e-flex e-con e-child\" data-id=\"55c42fc\" data-element_type=\"container\" data-e-type=\"container\">\n\t\t\t\t<div class=\"elementor-element elementor-element-0688e57 elementor-view-stacked elementor-position-inline-start elementor-widget__width-inherit elementor-shape-circle elementor-mobile-position-block-start elementor-widget elementor-widget-icon-box\" data-id=\"0688e57\" data-element_type=\"widget\" data-e-type=\"widget\" data-widget_type=\"icon-box.default\">\n\t\t\t\t<div class=\"elementor-widget-container\">\n\t\t\t\t\t\t\t<div class=\"elementor-icon-box-wrapper\">\n\n\t\t\t\t\t\t<div class=\"elementor-icon-box-icon\">\n\t\t\t\t<span  class=\"elementor-icon\">\n\t\t\t\t<i aria-hidden=\"true\" class=\"icon icon-check\"><\/i>\t\t\t\t<\/span>\n\t\t\t<\/div>\n\t\t\t\n\t\t\t\t\t\t<div class=\"elementor-icon-box-content\">\n\n\t\t\t\t\t\t\t\t\t<h3 class=\"elementor-icon-box-title\">\n\t\t\t\t\t\t<span  >\n\t\t\t\t\t\t\tHERSTELLUNG UND RENOVIERUNG VON SCHILDERN UND FASSADEN\t\t\t\t\t\t<\/span>\n\t\t\t\t\t<\/h3>\n\t\t\t\t\n\t\t\t\t\n\t\t\t<\/div>\n\t\t\t\n\t\t<\/div>\n\t\t\t\t\t\t<\/div>\n\t\t\t\t<\/div>\n\t\t\t\t<div class=\"elementor-element elementor-element-d4660b5 elementor-widget__width-initial elementor-widget elementor-widget-text-editor\" data-id=\"d4660b5\" data-element_type=\"widget\" data-e-type=\"widget\" data-widget_type=\"text-editor.default\">\n\t\t\t\t<div class=\"elementor-widget-container\">\n\t\t\t\t\t\t\t\t\t<p>Wir bieten einen kompletten Schilder- und Fassadenservice und sorgen daf\u00fcr, dass Ihr Unternehmen auff\u00e4llt.<\/p>\t\t\t\t\t\t\t\t<\/div>\n\t\t\t\t<\/div>\n\t\t\t\t<\/div>\n\t\t<div class=\"elementor-element elementor-element-41fe334 e-con-full e-flex e-con e-child\" data-id=\"41fe334\" data-element_type=\"container\" data-e-type=\"container\">\n\t\t\t\t<div class=\"elementor-element elementor-element-31b04d0 elementor-view-stacked elementor-position-inline-start elementor-widget__width-inherit elementor-shape-circle elementor-mobile-position-block-start elementor-widget elementor-widget-icon-box\" data-id=\"31b04d0\" data-element_type=\"widget\" data-e-type=\"widget\" data-widget_type=\"icon-box.default\">\n\t\t\t\t<div class=\"elementor-widget-container\">\n\t\t\t\t\t\t\t<div class=\"elementor-icon-box-wrapper\">\n\n\t\t\t\t\t\t<div class=\"elementor-icon-box-icon\">\n\t\t\t\t<span  class=\"elementor-icon\">\n\t\t\t\t<i aria-hidden=\"true\" class=\"icon icon-check\"><\/i>\t\t\t\t<\/span>\n\t\t\t<\/div>\n\t\t\t\n\t\t\t\t\t\t<div class=\"elementor-icon-box-content\">\n\n\t\t\t\t\t\t\t\t\t<h3 class=\"elementor-icon-box-title\">\n\t\t\t\t\t\t<span  >\n\t\t\t\t\t\t\tSELBSTKLEBEETIKETTIERUNG\t\t\t\t\t\t<\/span>\n\t\t\t\t\t<\/h3>\n\t\t\t\t\n\t\t\t\t\n\t\t\t<\/div>\n\t\t\t\n\t\t<\/div>\n\t\t\t\t\t\t<\/div>\n\t\t\t\t<\/div>\n\t\t\t\t<div class=\"elementor-element elementor-element-6720764 elementor-widget__width-initial elementor-widget elementor-widget-text-editor\" data-id=\"6720764\" data-element_type=\"widget\" data-e-type=\"widget\" data-widget_type=\"text-editor.default\">\n\t\t\t\t<div class=\"elementor-widget-container\">\n\t\t\t\t\t\t\t\t\t<p>Klebstoffkonfektionierung und -montage im Allgemeinen f\u00fcr Unternehmen, Fahrzeuge und Boote. <\/p>\t\t\t\t\t\t\t\t<\/div>\n\t\t\t\t<\/div>\n\t\t\t\t<\/div>\n\t\t<div class=\"elementor-element elementor-element-d1bf989 e-con-full e-flex e-con e-child\" data-id=\"d1bf989\" data-element_type=\"container\" data-e-type=\"container\">\n\t\t\t\t<div class=\"elementor-element elementor-element-07bdf92 elementor-view-stacked elementor-position-inline-start elementor-widget__width-inherit elementor-shape-circle elementor-mobile-position-block-start elementor-widget elementor-widget-icon-box\" data-id=\"07bdf92\" data-element_type=\"widget\" data-e-type=\"widget\" data-widget_type=\"icon-box.default\">\n\t\t\t\t<div class=\"elementor-widget-container\">\n\t\t\t\t\t\t\t<div class=\"elementor-icon-box-wrapper\">\n\n\t\t\t\t\t\t<div class=\"elementor-icon-box-icon\">\n\t\t\t\t<span  class=\"elementor-icon\">\n\t\t\t\t<i aria-hidden=\"true\" class=\"icon icon-check\"><\/i>\t\t\t\t<\/span>\n\t\t\t<\/div>\n\t\t\t\n\t\t\t\t\t\t<div class=\"elementor-icon-box-content\">\n\n\t\t\t\t\t\t\t\t\t<h3 class=\"elementor-icon-box-title\">\n\t\t\t\t\t\t<span  >\n\t\t\t\t\t\t\tDIGITALDRUCK\t\t\t\t\t\t<\/span>\n\t\t\t\t\t<\/h3>\n\t\t\t\t\n\t\t\t\t\n\t\t\t<\/div>\n\t\t\t\n\t\t<\/div>\n\t\t\t\t\t\t<\/div>\n\t\t\t\t<\/div>\n\t\t\t\t<div class=\"elementor-element elementor-element-ff7a7cb elementor-widget__width-initial elementor-widget elementor-widget-text-editor\" data-id=\"ff7a7cb\" data-element_type=\"widget\" data-e-type=\"widget\" data-widget_type=\"text-editor.default\">\n\t\t\t\t<div class=\"elementor-widget-container\">\n\t\t\t\t\t\t\t\t\t<p>Wir drucken im Gro\u00dfformat, auch auf Leinw\u00e4nden und anderen Medien, und passen uns dabei Ihren Bed\u00fcrfnissen an.<\/p>\t\t\t\t\t\t\t\t<\/div>\n\t\t\t\t<\/div>\n\t\t\t\t<\/div>\n\t\t<div class=\"elementor-element elementor-element-545c3a2 e-con-full e-flex e-con e-child\" data-id=\"545c3a2\" data-element_type=\"container\" data-e-type=\"container\">\n\t\t\t\t<div class=\"elementor-element elementor-element-d57f820 elementor-view-stacked elementor-position-inline-start elementor-widget__width-inherit elementor-shape-circle elementor-mobile-position-block-start elementor-widget elementor-widget-icon-box\" data-id=\"d57f820\" data-element_type=\"widget\" data-e-type=\"widget\" data-widget_type=\"icon-box.default\">\n\t\t\t\t<div class=\"elementor-widget-container\">\n\t\t\t\t\t\t\t<div class=\"elementor-icon-box-wrapper\">\n\n\t\t\t\t\t\t<div class=\"elementor-icon-box-icon\">\n\t\t\t\t<span  class=\"elementor-icon\">\n\t\t\t\t<i aria-hidden=\"true\" class=\"icon icon-check\"><\/i>\t\t\t\t<\/span>\n\t\t\t<\/div>\n\t\t\t\n\t\t\t\t\t\t<div class=\"elementor-icon-box-content\">\n\n\t\t\t\t\t\t\t\t\t<h3 class=\"elementor-icon-box-title\">\n\t\t\t\t\t\t<span  >\n\t\t\t\t\t\t\tFAHRZEUG- UND BOOTSBESCHRIFTUNGEN\t\t\t\t\t\t<\/span>\n\t\t\t\t\t<\/h3>\n\t\t\t\t\n\t\t\t\t\n\t\t\t<\/div>\n\t\t\t\n\t\t<\/div>\n\t\t\t\t\t\t<\/div>\n\t\t\t\t<\/div>\n\t\t\t\t<div class=\"elementor-element elementor-element-9270630 elementor-widget__width-initial elementor-widget elementor-widget-text-editor\" data-id=\"9270630\" data-element_type=\"widget\" data-e-type=\"widget\" data-widget_type=\"text-editor.default\">\n\t\t\t\t<div class=\"elementor-widget-container\">\n\t\t\t\t\t\t\t\t\t<p>Wir k\u00f6nnen Fahrzeuge ganz oder teilweise bekleben und dabei aufmerksamkeitsstarke Designs erstellen.<\/p>\t\t\t\t\t\t\t\t<\/div>\n\t\t\t\t<\/div>\n\t\t\t\t<\/div>\n\t\t\t\t<div class=\"elementor-element elementor-element-2f2c88d elementor-mobile-align-center elementor-invisible elementor-widget elementor-widget-button\" data-id=\"2f2c88d\" data-element_type=\"widget\" data-e-type=\"widget\" data-settings=\"{&quot;_animation&quot;:&quot;fadeInLeft&quot;}\" data-widget_type=\"button.default\">\n\t\t\t\t<div class=\"elementor-widget-container\">\n\t\t\t\t\t\t\t\t\t<div class=\"elementor-button-wrapper\">\n\t\t\t\t\t<a class=\"elementor-button elementor-button-link elementor-size-sm\" href=\"https:\/\/trmmallorca.es\/de\/contacto\/\">\n\t\t\t\t\t\t<span class=\"elementor-button-content-wrapper\">\n\t\t\t\t\t\t\t\t\t<span class=\"elementor-button-text\">Kontaktieren Sie uns jetzt!<\/span>\n\t\t\t\t\t<\/span>\n\t\t\t\t\t<\/a>\n\t\t\t\t<\/div>\n\t\t\t\t\t\t\t\t<\/div>\n\t\t\t\t<\/div>\n\t\t\t\t\t<\/div>\n\t\t\t\t<\/div>\n\t\t\t\t\t<\/div>\n\t\t\t\t<\/div>\n\t\t\t\t<\/div>","protected":false},"excerpt":{"rendered":"<p>\u00bfQu\u00e9 servicios ofrecemos? En Trm Mallorca, ofrecemos una amplia gama de servicios especializados en tintado de lunas, rotulaci\u00f3n y l\u00e1minas solares para edificios. A\u00f1o de experiencia 0 Servicios Profesionales Con m\u00e1s de 20 a\u00f1os de experiencia en el sector, en Trm Mallorca hemos establecido un est\u00e1ndar elevado de calidad y profesionalismo en todos nuestros servicios. [&hellip;]<\/p>\n","protected":false},"author":15,"featured_media":0,"parent":0,"menu_order":0,"comment_status":"closed","ping_status":"closed","template":"elementor_header_footer","meta":{"footnotes":""},"class_list":["post-146","page","type-page","status-publish","hentry"],"yoast_head":"<!-- This site is optimized with the Yoast SEO plugin v27.5 - https:\/\/yoast.com\/product\/yoast-seo-wordpress\/ -->\n<title>Servicios - TRM Mallorca<\/title>\n<meta name=\"robots\" content=\"index, follow, max-snippet:-1, max-image-preview:large, max-video-preview:-1\" \/>\n<link rel=\"canonical\" href=\"https:\/\/trmmallorca.es\/de\/servicios\/\" \/>\n<meta property=\"og:locale\" content=\"de_DE\" \/>\n<meta property=\"og:type\" content=\"article\" \/>\n<meta property=\"og:title\" content=\"Servicios - TRM Mallorca\" \/>\n<meta property=\"og:description\" content=\"\u00bfQu\u00e9 servicios ofrecemos? En Trm Mallorca, ofrecemos una amplia gama de servicios especializados en tintado de lunas, rotulaci\u00f3n y l\u00e1minas solares para edificios. A\u00f1o de experiencia 0 Servicios Profesionales Con m\u00e1s de 20 a\u00f1os de experiencia en el sector, en Trm Mallorca hemos establecido un est\u00e1ndar elevado de calidad y profesionalismo en todos nuestros servicios. [&hellip;]\" \/>\n<meta property=\"og:url\" content=\"https:\/\/trmmallorca.es\/de\/servicios\/\" \/>\n<meta property=\"og:site_name\" content=\"TRM Mallorca\" \/>\n<meta property=\"article:modified_time\" content=\"2024-11-07T13:33:32+00:00\" \/>\n<meta property=\"og:image\" content=\"https:\/\/trmmallorca.es\/wp-content\/uploads\/2024\/10\/pexels-sevenstorm-juhaszimrus-425135-scaled-1.jpeg\" \/>\n\t<meta property=\"og:image:width\" content=\"2560\" \/>\n\t<meta property=\"og:image:height\" content=\"1920\" \/>\n\t<meta property=\"og:image:type\" content=\"image\/jpeg\" \/>\n<meta name=\"twitter:card\" content=\"summary_large_image\" \/>\n<script type=\"application\/ld+json\" class=\"yoast-schema-graph\">{\"@context\":\"https:\\\/\\\/schema.org\",\"@graph\":[{\"@type\":\"WebPage\",\"@id\":\"https:\\\/\\\/trmmallorca.es\\\/servicios\\\/\",\"url\":\"https:\\\/\\\/trmmallorca.es\\\/servicios\\\/\",\"name\":\"Servicios - TRM Mallorca\",\"isPartOf\":{\"@id\":\"https:\\\/\\\/trmmallorca.es\\\/#website\"},\"primaryImageOfPage\":{\"@id\":\"https:\\\/\\\/trmmallorca.es\\\/servicios\\\/#primaryimage\"},\"image\":{\"@id\":\"https:\\\/\\\/trmmallorca.es\\\/servicios\\\/#primaryimage\"},\"thumbnailUrl\":\"https:\\\/\\\/trmmallorca.es\\\/wp-content\\\/uploads\\\/2024\\\/10\\\/pexels-sevenstorm-juhaszimrus-425135-scaled-1-1024x768.jpeg\",\"datePublished\":\"2024-10-18T08:22:24+00:00\",\"dateModified\":\"2024-11-07T13:33:32+00:00\",\"breadcrumb\":{\"@id\":\"https:\\\/\\\/trmmallorca.es\\\/servicios\\\/#breadcrumb\"},\"inLanguage\":\"de\",\"potentialAction\":[{\"@type\":\"ReadAction\",\"target\":[\"https:\\\/\\\/trmmallorca.es\\\/servicios\\\/\"]}]},{\"@type\":\"ImageObject\",\"inLanguage\":\"de\",\"@id\":\"https:\\\/\\\/trmmallorca.es\\\/servicios\\\/#primaryimage\",\"url\":\"https:\\\/\\\/trmmallorca.es\\\/wp-content\\\/uploads\\\/2024\\\/10\\\/pexels-sevenstorm-juhaszimrus-425135-scaled-1-1024x768.jpeg\",\"contentUrl\":\"https:\\\/\\\/trmmallorca.es\\\/wp-content\\\/uploads\\\/2024\\\/10\\\/pexels-sevenstorm-juhaszimrus-425135-scaled-1-1024x768.jpeg\"},{\"@type\":\"BreadcrumbList\",\"@id\":\"https:\\\/\\\/trmmallorca.es\\\/servicios\\\/#breadcrumb\",\"itemListElement\":[{\"@type\":\"ListItem\",\"position\":1,\"name\":\"Portada\",\"item\":\"https:\\\/\\\/trmmallorca.es\\\/\"},{\"@type\":\"ListItem\",\"position\":2,\"name\":\"Servicios\"}]},{\"@type\":\"WebSite\",\"@id\":\"https:\\\/\\\/trmmallorca.es\\\/#website\",\"url\":\"https:\\\/\\\/trmmallorca.es\\\/\",\"name\":\"TRM Mallorca\",\"description\":\"Servicios profesionales de adhesivos automotrices y personalizaci\u00f3n gr\u00e1fica de veh\u00edculos.\",\"publisher\":{\"@id\":\"https:\\\/\\\/trmmallorca.es\\\/#organization\"},\"potentialAction\":[{\"@type\":\"SearchAction\",\"target\":{\"@type\":\"EntryPoint\",\"urlTemplate\":\"https:\\\/\\\/trmmallorca.es\\\/?s={search_term_string}\"},\"query-input\":{\"@type\":\"PropertyValueSpecification\",\"valueRequired\":true,\"valueName\":\"search_term_string\"}}],\"inLanguage\":\"de\"},{\"@type\":\"Organization\",\"@id\":\"https:\\\/\\\/trmmallorca.es\\\/#organization\",\"name\":\"TRM Mallorca\",\"url\":\"https:\\\/\\\/trmmallorca.es\\\/\",\"logo\":{\"@type\":\"ImageObject\",\"inLanguage\":\"de\",\"@id\":\"https:\\\/\\\/trmmallorca.es\\\/#\\\/schema\\\/logo\\\/image\\\/\",\"url\":\"https:\\\/\\\/trmmallorca.es\\\/wp-content\\\/uploads\\\/2024\\\/10\\\/LOGO-TALLER-EN-VERDE-1.png\",\"contentUrl\":\"https:\\\/\\\/trmmallorca.es\\\/wp-content\\\/uploads\\\/2024\\\/10\\\/LOGO-TALLER-EN-VERDE-1.png\",\"width\":1186,\"height\":892,\"caption\":\"TRM Mallorca\"},\"image\":{\"@id\":\"https:\\\/\\\/trmmallorca.es\\\/#\\\/schema\\\/logo\\\/image\\\/\"}}]}<\/script>\n<!-- \/ Yoast SEO plugin. -->","yoast_head_json":{"title":"Servicios - TRM Mallorca","robots":{"index":"index","follow":"follow","max-snippet":"max-snippet:-1","max-image-preview":"max-image-preview:large","max-video-preview":"max-video-preview:-1"},"canonical":"https:\/\/trmmallorca.es\/de\/servicios\/","og_locale":"de_DE","og_type":"article","og_title":"Servicios - TRM Mallorca","og_description":"\u00bfQu\u00e9 servicios ofrecemos? En Trm Mallorca, ofrecemos una amplia gama de servicios especializados en tintado de lunas, rotulaci\u00f3n y l\u00e1minas solares para edificios. A\u00f1o de experiencia 0 Servicios Profesionales Con m\u00e1s de 20 a\u00f1os de experiencia en el sector, en Trm Mallorca hemos establecido un est\u00e1ndar elevado de calidad y profesionalismo en todos nuestros servicios. [&hellip;]","og_url":"https:\/\/trmmallorca.es\/de\/servicios\/","og_site_name":"TRM Mallorca","article_modified_time":"2024-11-07T13:33:32+00:00","og_image":[{"width":2560,"height":1920,"url":"https:\/\/trmmallorca.es\/wp-content\/uploads\/2024\/10\/pexels-sevenstorm-juhaszimrus-425135-scaled-1.jpeg","type":"image\/jpeg"}],"twitter_card":"summary_large_image","schema":{"@context":"https:\/\/schema.org","@graph":[{"@type":"WebPage","@id":"https:\/\/trmmallorca.es\/servicios\/","url":"https:\/\/trmmallorca.es\/servicios\/","name":"Servicios - TRM Mallorca","isPartOf":{"@id":"https:\/\/trmmallorca.es\/#website"},"primaryImageOfPage":{"@id":"https:\/\/trmmallorca.es\/servicios\/#primaryimage"},"image":{"@id":"https:\/\/trmmallorca.es\/servicios\/#primaryimage"},"thumbnailUrl":"https:\/\/trmmallorca.es\/wp-content\/uploads\/2024\/10\/pexels-sevenstorm-juhaszimrus-425135-scaled-1-1024x768.jpeg","datePublished":"2024-10-18T08:22:24+00:00","dateModified":"2024-11-07T13:33:32+00:00","breadcrumb":{"@id":"https:\/\/trmmallorca.es\/servicios\/#breadcrumb"},"inLanguage":"de","potentialAction":[{"@type":"ReadAction","target":["https:\/\/trmmallorca.es\/servicios\/"]}]},{"@type":"ImageObject","inLanguage":"de","@id":"https:\/\/trmmallorca.es\/servicios\/#primaryimage","url":"https:\/\/trmmallorca.es\/wp-content\/uploads\/2024\/10\/pexels-sevenstorm-juhaszimrus-425135-scaled-1-1024x768.jpeg","contentUrl":"https:\/\/trmmallorca.es\/wp-content\/uploads\/2024\/10\/pexels-sevenstorm-juhaszimrus-425135-scaled-1-1024x768.jpeg"},{"@type":"BreadcrumbList","@id":"https:\/\/trmmallorca.es\/servicios\/#breadcrumb","itemListElement":[{"@type":"ListItem","position":1,"name":"Portada","item":"https:\/\/trmmallorca.es\/"},{"@type":"ListItem","position":2,"name":"Servicios"}]},{"@type":"WebSite","@id":"https:\/\/trmmallorca.es\/#website","url":"https:\/\/trmmallorca.es\/","name":"TRM Mallorca","description":"Servicios profesionales de adhesivos automotrices y personalizaci\u00f3n gr\u00e1fica de veh\u00edculos.","publisher":{"@id":"https:\/\/trmmallorca.es\/#organization"},"potentialAction":[{"@type":"SearchAction","target":{"@type":"EntryPoint","urlTemplate":"https:\/\/trmmallorca.es\/?s={search_term_string}"},"query-input":{"@type":"PropertyValueSpecification","valueRequired":true,"valueName":"search_term_string"}}],"inLanguage":"de"},{"@type":"Organization","@id":"https:\/\/trmmallorca.es\/#organization","name":"TRM Mallorca","url":"https:\/\/trmmallorca.es\/","logo":{"@type":"ImageObject","inLanguage":"de","@id":"https:\/\/trmmallorca.es\/#\/schema\/logo\/image\/","url":"https:\/\/trmmallorca.es\/wp-content\/uploads\/2024\/10\/LOGO-TALLER-EN-VERDE-1.png","contentUrl":"https:\/\/trmmallorca.es\/wp-content\/uploads\/2024\/10\/LOGO-TALLER-EN-VERDE-1.png","width":1186,"height":892,"caption":"TRM Mallorca"},"image":{"@id":"https:\/\/trmmallorca.es\/#\/schema\/logo\/image\/"}}]}},"_links":{"self":[{"href":"https:\/\/trmmallorca.es\/de\/wp-json\/wp\/v2\/pages\/146","targetHints":{"allow":["GET"]}}],"collection":[{"href":"https:\/\/trmmallorca.es\/de\/wp-json\/wp\/v2\/pages"}],"about":[{"href":"https:\/\/trmmallorca.es\/de\/wp-json\/wp\/v2\/types\/page"}],"author":[{"embeddable":true,"href":"https:\/\/trmmallorca.es\/de\/wp-json\/wp\/v2\/users\/15"}],"replies":[{"embeddable":true,"href":"https:\/\/trmmallorca.es\/de\/wp-json\/wp\/v2\/comments?post=146"}],"version-history":[{"count":110,"href":"https:\/\/trmmallorca.es\/de\/wp-json\/wp\/v2\/pages\/146\/revisions"}],"predecessor-version":[{"id":751,"href":"https:\/\/trmmallorca.es\/de\/wp-json\/wp\/v2\/pages\/146\/revisions\/751"}],"wp:attachment":[{"href":"https:\/\/trmmallorca.es\/de\/wp-json\/wp\/v2\/media?parent=146"}],"curies":[{"name":"wp","href":"https:\/\/api.w.org\/{rel}","templated":true}]}}